{"id":36,"date":"2022-07-22T09:23:35","date_gmt":"2022-07-22T07:23:35","guid":{"rendered":"https:\/\/www.digi-duck.com\/?page_id=36"},"modified":"2023-02-02T13:32:51","modified_gmt":"2023-02-02T12:32:51","slug":"datenschutz","status":"publish","type":"page","link":"https:\/\/www.digi-duck.com\/tr\/veri-koruma\/","title":{"rendered":"Veri koruma"},"content":{"rendered":"<p>VERI\u0307 KORUMA BEYANI<\/p>\n<hr class=\"wp-block-separator has-alpha-channel-opacity\" \/>\n<p>DigiDuck GmbH, e-\u00f6\u011frenme portal\u0131 (bundan b\u00f6yle &#8220;portal&#8221; olarak an\u0131lacakt\u0131r) kapsam\u0131nda ki\u015fisel verileri toplar. Federal Veri Koruma Yasas\u0131, Telemedya Yasas\u0131 ve Temel Veri Koruma Y\u00f6netmeli\u011fi d\u00fczenlemelerine s\u0131k\u0131 bir \u015fekilde uyulmas\u0131, bir kullan\u0131c\u0131 olarak sizinle olan g\u00fcvene dayal\u0131 ili\u015fkimizin temelini olu\u015fturur.<\/p>\n<p>Portal\u0131m\u0131z harici web sitelerine ba\u011flant\u0131lar da i\u00e7erebilir. Ancak, bu harici editoryal tekliflerin i\u00e7eri\u011fi i\u00e7in herhangi bir sorumluluk kabul etmiyoruz. Sitemizden ayr\u0131ld\u0131\u011f\u0131n\u0131zda, ki\u015fisel veri toplayan herhangi bir web sitesinin gizlilik politikas\u0131n\u0131 dikkatlice okuman\u0131z\u0131 \u00f6neririz.<\/p>\n<h5>1. SORUMLU<\/h5>\n<figure class=\"wp-block-table\">\n<table class=\"has-fixed-layout\">\n<tbody>\n<tr>\n<td>a) Veri i\u015fleme sorumlusu<\/p>\n<p><strong>DigiDuck GmbH<\/strong><br \/>\nPoststra\u00dfe 61<br \/>\n41516 Grevenbroich<\/p>\n<p>Telefon: <a href=\"&#116;&#x65;&#108;&#x3a;&#43;&#x34;&#57;&#x32;&#49;&#x38;&#49;&#x32;7&#x33;8&#x34;9&#x30;\">&#x2b;&#x34;&#x39;&#x20;&#50;&#49;&#56;1 &#x32;&#x37;&#x33;&#x20;&#x38;&#52;&#57;&#32;0<\/a><br \/>\nE-posta: <a href=\"&#x6d;&#97;&#105;l&#x74;&#x6f;&#58;i&#x6e;&#x66;&#111;&#64;d&#x69;&#103;&#105;-&#x64;&#x75;&#99;k&#x2e;&#x63;&#111;&#109;\">&#x69;&#110;f&#x6f;&#64;d&#x69;&#103;i&#x2d;&#100;u&#x63;&#107;&#46;&#x63;&#x6f;m<\/a><br \/>\nWeb sitesi: https: <a href=\"https:\/\/www.digi-duck.com\/\">\/\/www.digi-duck.com<\/a><\/td>\n<td>b) Veri koruma g\u00f6revlisi<br \/>\n\u015eirketimiz i\u00e7in bir veri koruma g\u00f6revlisi atad\u0131k:Ralph Hoff<br \/>\nPoststra\u00dfe 61<br \/>\n41516 Grevenbroich<\/p>\n<p>Telefon: <a href=\"&#x74;&#101;l&#x3a;&#43;4&#x39;&#50;1&#x38;&#49;4&#x37;&#51;7&#x33;&#x38;4\">+&#52;&#x39;&#x20;&#x28;2&#49;&#56;&#x31;&#x29; &#52;&#55;&#x33;&#x20;73&#32;&#x38;&#x34;<\/a><br \/>\nE-posta: <a href=\"&#x6d;&#x61;&#x69;&#x6c;&#x74;&#x6f;&#x3a;&#x69;&#x6e;&#x66;&#x6f;&#x40;&#x64;&#x69;&#x67;&#x69;&#x2d;&#x64;&#x75;&#x63;&#x6b;&#x2e;&#x63;&#x6f;&#x6d;\">&#x69;&#x6e;&#x66;&#x6f;&#64;&#100;&#105;gi&#x2d;&#x64;&#x75;&#x63;&#x6b;&#46;&#99;&#111;m<\/a><\/td>\n<\/tr>\n<\/tbody>\n<\/table>\n<\/figure>\n<h5>2. KI\u0307\u015eI\u0307SEL VERI\u0307 NEDI\u0307R?<\/h5>\n<p>Ki\u015fisel veriler, bir ki\u015fi olarak sizinle do\u011frudan veya dolayl\u0131 olarak ilgili olan her t\u00fcrl\u00fc veridir. Bu, \u00f6rne\u011fin do\u011fum tarihiniz, adresiniz ve IP adresiniz gibi verilerin yan\u0131 s\u0131ra bir ki\u015fi olarak tan\u0131mlanman\u0131z\u0131 sa\u011flayan metinleri veya g\u00f6r\u00fcnt\u00fcleri de i\u00e7erir. A\u015fa\u011f\u0131daki veri koruma beyan\u0131 hangi verileri toplad\u0131\u011f\u0131m\u0131z\u0131 ve bunlar\u0131 ne i\u00e7in kulland\u0131\u011f\u0131m\u0131z\u0131 a\u00e7\u0131klamaktad\u0131r. Ayr\u0131ca bunun nas\u0131l ve ne ama\u00e7la yap\u0131ld\u0131\u011f\u0131n\u0131 da a\u00e7\u0131klar.<\/p>\n<p>Gerekli olmas\u0131 halinde, yasalar gere\u011fi verilerinizi \u00fc\u00e7\u00fcnc\u00fc taraflara if\u015fa etmek zorunda kalabiliriz. Ancak, bu t\u00fcr talepleri yaln\u0131zca bu \u00e7er\u00e7evede ve b\u00f6yle bir y\u00fck\u00fcml\u00fcl\u00fc\u011f\u00fcn ger\u00e7ekten var olup olmad\u0131\u011f\u0131n\u0131 dikkatlice kontrol ettikten sonra yerine getirece\u011fiz.<\/p>\n<p>Veri i\u015fleme Almanya&#8217;da veya di\u011fer Avrupa \u00fclkelerinde ger\u00e7ekle\u015fir. \u0130stisnai durumlarda, veriler \u00fc\u00e7\u00fcnc\u00fc bir \u00fclkeye aktar\u0131l\u0131rsa, bu durumda yaln\u0131zca yeterli d\u00fczeyde veri korumas\u0131n\u0131n mevcut oldu\u011fu veya bunu standart s\u00f6zle\u015fme h\u00fck\u00fcmlerinin veya sertifikalar\u0131n imzalanmas\u0131 gibi uygun garantilerle e\u015fit \u015fekilde sa\u011flayabilece\u011fimiz \u00fclkelere aktar\u0131l\u0131r.<\/p>\n<h5>3. HANGI\u0307 VERI\u0307LER I\u0307\u015eLENI\u0307YOR?<\/h5>\n<p>a) Portal\u0131 ziyaret etti\u011finizde<\/p>\n<p>Portal\u0131m\u0131z\u0131 ziyaret etti\u011finizde, teklifin kullan\u0131lmas\u0131n\u0131 sa\u011flamak i\u00e7in bu web sitesinde depolanan bir dosyan\u0131n her eri\u015fimi ve her al\u0131m\u0131 kaydedilir. A\u015fa\u011f\u0131daki veriler kaydedilir:<br \/>\n&#8211; Ziyaret\u00e7inin IP adresi<br \/>\n&#8211; Ziyaret saati<br \/>\n&#8211; \u00c7a\u011fr\u0131lan url<br \/>\n&#8211; Durum kodu<br \/>\n&#8211; Protokol<br \/>\n&#8211; Ziyaret\u00e7inin taray\u0131c\u0131s\u0131<br \/>\n&#8211; Ziyaret\u00e7inin i\u015fletim sistemi<\/p>\n<p>Bu veriler ayr\u0131ca sistemimizin g\u00fcnl\u00fck dosyalar\u0131nda da saklan\u0131r. Bu veriler kullan\u0131c\u0131n\u0131n di\u011fer ki\u015fisel verileriyle birlikte saklanmaz.<\/p>\n<p>i) Yasal dayanak<\/p>\n<p>Verilerin ve g\u00fcnl\u00fck dosyalar\u0131n\u0131n ge\u00e7ici olarak saklanmas\u0131n\u0131n yasal dayana\u011f\u0131, DSGVO Madde 6 paragraf 1 lit. f me\u015fru menfaattir.<\/p>\n<p>ii) Bu veriler hangi ama\u00e7la i\u015flenmektedir?<\/p>\n<p>IP adresinin sistem taraf\u0131ndan ge\u00e7ici olarak saklanmas\u0131, web sitesinin kullan\u0131c\u0131n\u0131n bilgisayar\u0131na teslim edilmesini sa\u011flamak i\u00e7in gereklidir. Bu ama\u00e7la, kullan\u0131c\u0131n\u0131n IP adresi oturum s\u00fcresince sakl\u0131 kalmal\u0131d\u0131r. G\u00fcnl\u00fck dosyalar\u0131nda depolama, web sitesinin i\u015flevselli\u011fini sa\u011flamak i\u00e7in yap\u0131l\u0131r. Ayr\u0131ca, verileri web sitesini optimize etmek ve bilgi teknolojisi sistemlerimizin g\u00fcvenli\u011fini sa\u011flamak i\u00e7in kullan\u0131yoruz. Verilerin pazarlama amac\u0131yla de\u011ferlendirilmesi bu ba\u011flamda ger\u00e7ekle\u015fmez.<\/p>\n<p>iii) Veriler ne kadar s\u00fcreyle saklan\u0131yor?<\/p>\n<p>Veriler, topland\u0131klar\u0131 amaca ula\u015fmak i\u00e7in art\u0131k gerekli olmad\u0131klar\u0131 anda silinir. Web sitesinin sa\u011flanmas\u0131 i\u00e7in veri toplanmas\u0131 durumunda, ilgili oturum sona erdi\u011finde bu durum ge\u00e7erlidir. G\u00fcnl\u00fck dosyalar\u0131nda saklanan veriler en ge\u00e7 14 g\u00fcn sonra silinir.<\/p>\n<p>b) \u00c7erezlerin kullan\u0131m\u0131 yoluyla<\/p>\n<p>Portal \u00e7erezler kullan\u0131r. \u00c7erezler, \u0130nternet taray\u0131c\u0131s\u0131nda veya \u0130nternet taray\u0131c\u0131s\u0131 taraf\u0131ndan kullan\u0131c\u0131n\u0131n bilgisayar sisteminde depolanan metin dosyalar\u0131d\u0131r. Bir kullan\u0131c\u0131 bir web sitesini \u00e7a\u011f\u0131rd\u0131\u011f\u0131nda, kullan\u0131c\u0131n\u0131n i\u015fletim sisteminde bir \u00e7erez depolanabilir. Bu \u00e7erez, web sitesi tekrar \u00e7a\u011fr\u0131ld\u0131\u011f\u0131nda taray\u0131c\u0131n\u0131n benzersiz bir \u015fekilde tan\u0131mlanmas\u0131n\u0131 sa\u011flayan karakteristik bir karakter dizisi i\u00e7erir. Oturum \u00e7erezleri, siteyi mevcut ziyaretiniz s\u0131ras\u0131nda kullan\u0131lan bilgileri depolar. Sitemizden ayr\u0131ld\u0131\u011f\u0131n\u0131zda bu \u00e7erezler otomatik olarak silinir.<\/p>\n<p>Ayr\u0131ca, kullan\u0131m kolayl\u0131\u011f\u0131n\u0131 optimize etmek i\u00e7in terminal cihaz\u0131n\u0131zda belirli bir s\u00fcre boyunca saklanan ge\u00e7ici \u00e7erezler de kullan\u0131yoruz. Hizmetlerimizi kullanmak i\u00e7in sitemizi tekrar ziyaret ederseniz, daha \u00f6nce bizimle birlikte oldu\u011funuz ve hangi giri\u015fleri ve ayarlar\u0131 yapt\u0131\u011f\u0131n\u0131z otomatik olarak tan\u0131n\u0131r, b\u00f6ylece bunlar\u0131 tekrar girmeniz gerekmez.<\/p>\n<p>i) Yasal dayanak<\/p>\n<p>Portal\u0131n \u00e7al\u0131\u015fmas\u0131 i\u00e7in gerekli olan \u00e7erezler ve bunlarla ba\u011flant\u0131l\u0131 olarak i\u015flenen ki\u015fisel veriler, DSGVO Madde 6 (1) c\u00fcmle 1 lit. f uyar\u0131nca me\u015fru menfaatlerimizi korumak i\u00e7in yukar\u0131da belirtilen ama\u00e7lar i\u00e7in gereklidir.<\/p>\n<p>ii) Bu veriler hangi ama\u00e7la i\u015flenmektedir?<\/p>\n<p>Ayarlanan \u00e7erezler teknik olarak gereklidir. \u00d6\u011frenme platformunun bireysel i\u015flevleri \u00e7erezler kullan\u0131lmadan sunulamaz. Bunlar i\u00e7in, \u00f6rne\u011fin bir sayfa de\u011fi\u015fikli\u011finden sonra bile taray\u0131c\u0131n\u0131n tan\u0131nmas\u0131 gerekir.<\/p>\n<p>Toplanan kullan\u0131c\u0131 verilerini kullan\u0131c\u0131 profilleri olu\u015fturmak veya sayfalar\u0131m\u0131z\u0131 ziyaret edenlere reklam sa\u011flamak i\u00e7in kullanm\u0131yoruz. Bu web sitesini kullan\u0131m\u0131n\u0131z hakk\u0131nda \u00e7erezler taraf\u0131ndan olu\u015fturulan bilgiler \u00fc\u00e7\u00fcnc\u00fc taraflara aktar\u0131lmaz.<\/p>\n<p>iii) \u00c7erezler ne kadar s\u00fcreyle saklan\u0131r ve bunlar\u0131 nas\u0131l silebilirim?<\/p>\n<p>\u00c7erezler bilgisayar\u0131n\u0131zda depolan\u0131r ve bilgisayar\u0131n\u0131zdan sitemize iletilir. Bu nedenle, kullan\u0131c\u0131 olarak \u00e7erezlerin kullan\u0131m\u0131 \u00fczerinde de tam kontrole sahipsiniz. \u00c7erezlerin kullan\u0131m\u0131n\u0131 engelleme se\u00e7ene\u011finiz vard\u0131r. Bunu yapmak i\u00e7in internet taray\u0131c\u0131n\u0131zdaki (\u00f6rne\u011fin Internet Explorer, Mozilla Firefox, Opera veya Safari) ilgili ayarlar\u0131 de\u011fi\u015ftirmeniz gerekir. Ancak \u00f6\u011frenme platformunun i\u015flevlerini kullanabilmek i\u00e7in taray\u0131c\u0131da \u00e7erez kullan\u0131m\u0131na izin vermeniz gerekmektedir. Aksi takdirde, \u00f6\u011frenme platformunun i\u015flevselli\u011finin kullan\u0131lamamas\u0131 ihtimali vard\u0131r.<\/p>\n<h5>4. PORTALA EV SAHI\u0307PLI\u0307\u011eI\u0307 YAPMAK<\/h5>\n<p>Bu portal, harici bir hizmet sa\u011flay\u0131c\u0131 ile i\u015fbirli\u011fi i\u00e7inde bar\u0131nd\u0131r\u0131lmakta ve kullan\u0131ma sunulmaktad\u0131r.<\/p>\n<p>Bar\u0131nd\u0131rma s\u0131ras\u0131nda a\u015fa\u011f\u0131daki ki\u015fisel veriler i\u015flenir:<br \/>\n&#8211; IP adresleri<br \/>\n&#8211; ileti\u015fim taleplerinin i\u00e7eri\u011fi ve ilgili meta ve ileti\u015fim verileri<br \/>\n&#8211; s\u00f6zle\u015fme verileri<br \/>\n&#8211; ileti\u015fim verileri<br \/>\n&#8211; isimler<br \/>\n&#8211; web sitesi eri\u015fimleri ve bir web sitesi arac\u0131l\u0131\u011f\u0131yla olu\u015fturulan di\u011fer veriler<\/p>\n<p>i) Yasal dayanak<\/p>\n<p>Bar\u0131nd\u0131rma, portal\u0131 kullan\u0131labilir hale getirmeye ve b\u00f6ylece potansiyel ve mevcut m\u00fc\u015fterilerimizle olan s\u00f6zle\u015fmeyi yerine getirmeye (Madde 6 paragraf 1 lit. b DSGVO) ve portal\u0131m\u0131z\u0131n profesyonel bir sa\u011flay\u0131c\u0131 taraf\u0131ndan g\u00fcvenli, h\u0131zl\u0131 ve verimli bir \u015fekilde sa\u011flanmas\u0131na hizmet eder (Madde 6 paragraf 1 lit. f DSGVO).<\/p>\n<p>ii) Bu verilerin hangi ama\u00e7la i\u015flendi\u011fi<\/p>\n<p>Hosterimiz verilerinizi yaln\u0131zca hizmet y\u00fck\u00fcml\u00fcl\u00fcklerini yerine getirmek i\u00e7in gerekli oldu\u011fu \u00f6l\u00e7\u00fcde i\u015fleyecek ve bu verilerle ilgili talimatlar\u0131m\u0131za uyacakt\u0131r.<\/p>\n<p>DSGVO Madde 28 uyar\u0131nca bir sipari\u015f i\u015fleminin par\u00e7as\u0131 olarak PlusServer GmbH, Hohenzollernring 72, 50672 K\u00f6ln, Almanya bar\u0131nd\u0131rma sa\u011flay\u0131c\u0131s\u0131n\u0131 kullan\u0131yoruz. Sunucu Almanya&#8217;da bulunmaktad\u0131r. Bu ama\u00e7la, ilgili bir<\/p>\n<p>Sa\u011flay\u0131c\u0131 ile sipari\u015f i\u015fleme s\u00f6zle\u015fmesi imzalanm\u0131\u015ft\u0131r.<\/p>\n<p>iii) Verilerin ne kadar s\u00fcreyle saklanaca\u011f\u0131<\/p>\n<p>Verileriniz, veri i\u015fleme amac\u0131 art\u0131k ge\u00e7erli olmayana kadar y\u00fcklenici ve bar\u0131nd\u0131rma \u015firketi taraf\u0131ndan saklanacakt\u0131r.<\/p>\n<p>b) Geri bildirim formunu doldururken<\/p>\n<p>Portal kullan\u0131c\u0131lar\u0131 (\u00e7al\u0131\u015fanlar), \u00f6zellikle portal ile ilgili teknik zorluklar varsa ve bunlar\u0131 bize bildirmek veya bize geri bildirim g\u00f6ndermek istiyorsan\u0131z, bir ileti\u015fim formu arac\u0131l\u0131\u011f\u0131yla bizimle ileti\u015fime ge\u00e7ebilirler.<\/p>\n<p>Bu ama\u00e7la, g\u00f6n\u00fcll\u00fc olarak a\u015fa\u011f\u0131daki verileri sa\u011flayabilirsiniz<br \/>\n&#8211; ad, soyad<br \/>\n&#8211; e-posta adresi<br \/>\n&#8211; bize geri bildiriminiz<\/p>\n<p>Mesaj g\u00f6nderildi\u011fi s\u0131rada a\u015fa\u011f\u0131daki veriler de saklanacakt\u0131r:<br \/>\n&#8211; geri bildirimin g\u00f6nderildi\u011fi tarih ve saat cgeri bildirimin hangi e\u011fitim kursu i\u00e7in g\u00f6nderildi\u011fi ba\u011flam\u0131<\/p>\n<p>i) Yasal dayanak<\/p>\n<p>\u0130leti\u015fim formlar\u0131m\u0131z\u0131n kullan\u0131m\u0131 yoluyla iletilen verilerin i\u015flenmesinin yasal dayana\u011f\u0131 DSGVO Madde 6 paragraf 1 f bendidir. G\u00f6n\u00fcll\u00fc olarak (isim, e-posta) gibi ek veriler sa\u011flarsan\u0131z, bu sizin r\u0131zan\u0131zla yap\u0131l\u0131r (Madde 6 paragraf 1 lit. a DSGVO)<\/p>\n<p>ii) Bu veriler hangi ama\u00e7la i\u015flenmektedir?<\/p>\n<p>Veriler yaln\u0131zca geri bildirimi i\u015flemek veya size yan\u0131t vermek ve sizinle ileti\u015fime ge\u00e7mek i\u00e7in saklan\u0131r. Daha fazla veri sa\u011flanmas\u0131 iste\u011fe ba\u011fl\u0131d\u0131r, ancak ayn\u0131 \u015fekilde yaln\u0131zca sorulara yan\u0131t vermek i\u00e7in kullan\u0131lacakt\u0131r. \u0130leti\u015fim formundan veri aktar\u0131m\u0131 \u015fifrelenmi\u015ftir.<\/p>\n<p>iii) Veriler ne kadar s\u00fcreyle saklan\u0131yor?<\/p>\n<p>\u0130leti\u015fim formunun kullan\u0131m\u0131 i\u00e7in taraf\u0131m\u0131zdan toplanan ki\u015fisel veriler, talebinizle ilgilendikten sonra otomatik olarak silinecektir. Takip sorgular\u0131 da olabilir, bu durumda veriler nihai bir yan\u0131t al\u0131nana kadar saklanmaya devam edecektir. Ko\u015fullar s\u00f6z konusu konunun kesin olarak a\u00e7\u0131kl\u0131\u011fa kavu\u015fturuldu\u011funu g\u00f6sterdi\u011finde ileti\u015fim sona erdirilir.<\/p>\n<p>G\u00f6nderme i\u015flemi s\u0131ras\u0131nda toplanan ek ki\u015fisel veriler anonimle\u015ftirilecek ve kal\u0131c\u0131 olarak saklanacakt\u0131r.<\/p>\n<p>c) Portal\u0131 kullan\u0131rken<\/p>\n<p>Portal\u0131n m\u00fc\u015fterisi olan ilgili \u015firket, \u015firkete \u00f6zel bir eri\u015fim al\u0131r. M\u00fc\u015fteri daha sonra bize \u00e7al\u0131\u015fanlar\u0131n (kullan\u0131c\u0131lar\u0131n) ki\u015fisel verilerini i\u00e7eren bir Excel elektronik tablosu g\u00f6nderir.<\/p>\n<p>Olu\u015fturma ve daha sonra kay\u0131t i\u00e7in kullan\u0131c\u0131lar\u0131n a\u015fa\u011f\u0131daki verileri gereklidir:<br \/>\n&#8211; Soyadlar, ilk isimler<br \/>\n&#8211; E-posta adresleri<br \/>\n&#8211; \u015eifre<\/p>\n<p>Daha sonra kullan\u0131c\u0131, portala eri\u015fmek i\u00e7in kullan\u0131lan ba\u015flang\u0131\u00e7 \u015fifresini i\u00e7eren bir e-posta al\u0131r. Burada, kullan\u0131c\u0131 ilk kez oturum a\u00e7arken de\u011fi\u015ftirilmi\u015f bir parola girmelidir. Parola bir veritaban\u0131nda \u015fifrelenmi\u015f bir bi\u00e7imde saklan\u0131r.<\/p>\n<p>Kullan\u0131m s\u0131ras\u0131nda portal\u0131n kullan\u0131m\u0131na ili\u015fkin veriler ve hangi kurslar\u0131n tamamland\u0131\u011f\u0131na ili\u015fkin bilgiler de i\u015flenir.<\/p>\n<p>i) Yasal dayanak<\/p>\n<p>Portal\u0131n kullan\u0131m\u0131 s\u0131ras\u0131nda verileri ve m\u00fc\u015fteri ile s\u00f6zle\u015fmenin uygulanmas\u0131 amac\u0131yla kay\u0131t i\u00e7in gerekli verileri i\u015fliyoruz (Madde 6 paragraf 1 lit. b DSGVO). M\u00fc\u015fterilerimizin ki\u015fisel verilerinin i\u015flenmesi i\u00e7in bir i\u015flemci olarak hareket ediyoruz (Madde 28 DSGVO).<\/p>\n<p>ii) Bu veriler hangi ama\u00e7la i\u015flenmektedir?<\/p>\n<p>Ki\u015fisel verileri yaln\u0131zca ilgili \u00e7al\u0131\u015fan e\u011fitim teklifinin ve portaldaki genel \u00f6\u011frenme f\u0131rsatlar\u0131n\u0131n sa\u011flanmas\u0131 i\u00e7in kullan\u0131r\u0131z. E-posta adresi, portala kay\u0131t olmak ve e-posta bildirimleri g\u00f6ndermek i\u00e7in kullan\u0131l\u0131r.<\/p>\n<p>Yeni kurslar\u0131n zaman\u0131 geldi\u011finde veya mevcut bir kurs i\u00e7in \u00f6\u011frenim materyali g\u00fcncellendi\u011finde kullan\u0131c\u0131lar e-posta ile bilgilendirilir. Kurslar belirli bir zaman aral\u0131\u011f\u0131 i\u00e7in olu\u015fturulmu\u015fsa, kullan\u0131c\u0131lar ayr\u0131ca kursun s\u00fcresi dolmadan \u00fc\u00e7 g\u00fcn \u00f6nce bir hat\u0131rlatma mesaj\u0131 ve kursun s\u00fcresi doldu\u011funda ba\u015fka bir mesaj al\u0131r.<\/p>\n<p>Buna ek olarak, ki\u015fisel veriler portal i\u00e7inde a\u015fa\u011f\u0131daki ama\u00e7larla i\u015flenir:<br \/>\n&#8211; Sizi bir kullan\u0131c\u0131 olarak tan\u0131mlamak <strong>i\u00e7in ki\u015fiselle\u015ftirilmi\u015f eri\u015fim<\/strong>. Bu bilgiler, kurslar\u0131 eri\u015fime haz\u0131r hale getirmek ve bireysel gereksinimlerinize uyarlamak i\u00e7in kullan\u0131l\u0131r;<br \/>\n&#8211; \u00d6\u011frenme ilerlemenizin de\u011ferlendirilmesi ve kurslara eri\u015fmenizi sa\u011flamak da dahil olmak \u00fczere kurslar\u0131n eri\u015fimi s\u0131ras\u0131nda <strong>destek<\/strong>.<br \/>\n&#8211; Bir kullan\u0131c\u0131 olarak sizinle ve \u015firketinizdeki sorumlu ki\u015filerle <strong>yaz\u0131\u015fmalar<\/strong>;<br \/>\n&#8211; Portal\u0131n i\u015flevselli\u011finin <strong>optimizasyonu<\/strong>;<br \/>\n&#8211; Hangi kullan\u0131c\u0131lara hangi konularda talimat verildi\u011finin <strong>belgelenmesi<\/strong> (k\u0131smen kan\u0131t sunma konusundaki yasal y\u00fck\u00fcml\u00fcl\u00fckler nedeniyle). Bu bilgi, e\u011fitimi yapt\u0131ran \u015firkete de sunulur.<br \/>\n&#8211; Kat\u0131l\u0131m sertifikas\u0131n\u0131n <strong>olu\u015fturulmas\u0131<\/strong> (bir kursun ba\u015far\u0131yla tamamlanmas\u0131ndan sonra)<\/p>\n<p>iii) Veriler ne kadar s\u00fcreyle saklan\u0131yor?<\/p>\n<p>Portaldaki kullan\u0131c\u0131 hesab\u0131n\u0131z\u0131n verilerine her zaman eri\u015fiminiz vard\u0131r ve bunlar\u0131 istedi\u011finiz zaman portal\u0131n korumal\u0131 alan\u0131nda g\u00f6r\u00fcnt\u00fcleyebilirsiniz.<\/p>\n<p>Kay\u0131t s\u0131ras\u0131nda toplanan veriler, \u015firket portala kay\u0131tl\u0131 oldu\u011fu ve bir \u00e7al\u0131\u015fan hen\u00fcz \u015firketten ayr\u0131lmad\u0131\u011f\u0131 s\u00fcrece saklanacak ve daha sonra silinecektir. \u015eirketten ayr\u0131lan \u00e7al\u0131\u015fanlar sistem taraf\u0131ndan engellenir ve ar\u015fivlenir. E\u011fitim sertifikalar\u0131n\u0131n saklanmas\u0131 gibi yasal saklama s\u00fcreleri de bundan etkilenmez.<\/p>\n<p>iv) Veriler aktar\u0131lacak m\u0131<\/p>\n<p>Kullan\u0131c\u0131 kurulumu ve \u00f6\u011frenme platformuyla ilgili di\u011fer hizmetler bizim i\u00e7in STORMS|SOFTWARE (Luxemburger Str. 33, 41812 Erkelenz) taraf\u0131ndan sa\u011flanmaktad\u0131r. DSGVO Madde 28 uyar\u0131nca \u015firket ile bir sipari\u015f i\u015fleme s\u00f6zle\u015fmesi imzalanm\u0131\u015ft\u0131r. Bu nedenle ki\u015fisel veriler yaln\u0131zca a\u00e7\u0131k talimatlar\u0131m\u0131za g\u00f6re i\u015flenir.<\/p>\n<h5>5. YOUTUBE&#8217;DA BARINDIRILAN BIR VIDEOYU OYNATIRKEN<\/h5>\n<p>Portal\u0131m\u0131zda zaman zaman www.YouTube.com web sitelerindeki videolara da yer veriyoruz. Bu durumda, i\u00e7erik do\u011frudan YouTube&#8217;da saklan\u0131r ve oradan sitemize yerle\u015ftirilir.<\/p>\n<p>i) Ama\u00e7:<\/p>\n<p>Bir \u00f6\u011frenme \u00fcnitesinde \/ e-\u00f6\u011frenmede video i\u00e7eri\u011fi oynatma ve basit i\u00e7erik haz\u0131rlama.<\/p>\n<p>ii) Yasal dayanak:<\/p>\n<p>Bu videolar\u0131 size DSGVO Madde 6 (1) f\u0131kra f uyar\u0131nca me\u015fru menfaatlerimiz temelinde g\u00f6steriyoruz. G\u00f6sterilen videolar, \u00fcr\u00fcnlerimiz hakk\u0131nda ayr\u0131nt\u0131lar veya bir kullan\u0131c\u0131 olarak sizin i\u00e7in di\u011fer yararl\u0131 bilgileri i\u00e7erir.<\/p>\n<p>iii) Veri t\u00fcr\u00fc:<\/p>\n<p>S\u00f6z konusu videolar\u0131 \u00e7a\u011f\u0131r\u0131rken IP adresi, teknik bilgiler (taray\u0131c\u0131, i\u015fletim sistemi, temel cihaz bilgileri) ve \u00f6zellikle hangi \u0130nternet sayfalar\u0131m\u0131z\u0131 ziyaret etti\u011finiz iletilir.<\/p>\n<p>iv) Veriler nas\u0131l saklan\u0131yor\/i\u015fleniyor?<\/p>\n<p>Videolar\u0131m\u0131z\u0131 veri koruma dostu bir \u015fekilde yerle\u015ftirdik (&#8220;geli\u015ftirilmi\u015f veri koruma modu&#8221;). Bu, sizinle ilgili bilgilerin yaln\u0131zca videoyu izledi\u011finizde onlara aktar\u0131ld\u0131\u011f\u0131 anlam\u0131na gelir. Ancak o zaman YouTube ile bir sunucu ba\u011flant\u0131s\u0131 kurulur ve ard\u0131ndan ilgili bir \u00e7erez de ayarlan\u0131r. Bu, kullan\u0131c\u0131 davran\u0131\u015f\u0131n\u0131z\u0131 izlemek i\u00e7in de\u011fil, \u00f6rne\u011fin oynatma durumu ve istenen ses seviyesi gibi ayarlar\u0131n\u0131z\u0131 kaydetmek i\u00e7in kullan\u0131l\u0131r. Her videodan \u00f6nce bu konuda tekrar bilgilendirileceksiniz.<\/p>\n<p>Geni\u015fletilmi\u015f veri koruma modu, yaln\u0131zca ki\u015fisel olarak tan\u0131mlanabilir veriler i\u00e7ermeyen \u00e7erezleri kaydeder. Ancak, YouTube&#8217;da bir hesab\u0131n\u0131z varsa, \u015firket kimli\u011finizi tespit edebilir. Videoyu oynatmadan \u00f6nce hesab\u0131n\u0131zdan \u00e7\u0131k\u0131\u015f yaparak sa\u011flay\u0131c\u0131n\u0131n sizi oturum a\u00e7m\u0131\u015f bir kullan\u0131c\u0131 olarak tan\u0131mas\u0131n\u0131 engelleyebilirsiniz<\/p>\n<p>YouTube platformunun sa\u011flay\u0131c\u0131s\u0131: Google Ireland Limited, Gordon House, Barrow Street, Dublin 4, \u0130rlanda.<\/p>\n<p>Google\/YouTube&#8217;da veri koruma hakk\u0131nda daha fazla bilgiye buradan ula\u015fabilirsiniz: https: <a href=\"https:\/\/www.google.com\/policies\/privacy\/\">\/\/www.google.com\/policies\/privacy\/<\/a>.<\/p>\n<p>Burada genel bir reklamdan vazge\u00e7mek m\u00fcmk\u00fcnd\u00fcr: https: <a href=\"https:\/\/adssettings.google.com\/authenticated\">\/\/adssettings.google.com\/authenticated<\/a>.<\/p>\n<p>\u00dc\u00e7\u00fcnc\u00fc \u00fclkelere aktar\u0131m: Bu bir ABD sa\u011flay\u0131c\u0131s\u0131 oldu\u011fu i\u00e7in veriler ABD&#8217;ye aktar\u0131l\u0131r.<\/p>\n<h5>6. VERI\u0307LER NASIL I\u0307LETI\u0307LI\u0307R?<\/h5>\n<p>G\u00fcvenlik nedenleriyle ve site operat\u00f6r\u00fc olarak bize g\u00f6nderdi\u011finiz gizli i\u00e7eri\u011fin iletimini korumak i\u00e7in SSL veya TLS \u015fifreleme kullan\u0131yoruz. \u015eifrelenmi\u015f bir ba\u011flant\u0131y\u0131, taray\u0131c\u0131n\u0131z\u0131n adres sat\u0131r\u0131n\u0131n &#8220;http:\/\/&#8221; yerine &#8220;https:\/\/&#8221; olarak de\u011fi\u015fmesinden ve taray\u0131c\u0131 sat\u0131r\u0131n\u0131zdaki kilit sembol\u00fcnden anlayabilirsiniz. SSL veya TLS \u015fifrelemesi etkinle\u015ftirilirse, bize iletti\u011finiz veriler \u00fc\u00e7\u00fcnc\u00fc taraflarca okunamaz.<\/p>\n<h5>7. VERI\u0307 SAHI\u0307BI\u0307 OLARAK HAKLARINIZ NELERDI\u0307R?<\/h5>\n<p>Ki\u015fisel verilerinizin i\u015flenmesi durumunda, DSGVO anlam\u0131nda bir veri sahibisiniz ve sorumlu ki\u015fiye kar\u015f\u0131 a\u015fa\u011f\u0131daki haklara sahipsiniz:<br \/>\n&#8211; DSGVO Madde 15&#8217;e g\u00f6re bilgi edinme hakk\u0131 (Federal Veri Koruma Yasas\u0131 (BDSG) Madde 34&#8217;e g\u00f6re k\u0131s\u0131tlamalar m\u00fcmk\u00fcnd\u00fcr)<br \/>\n&#8211; DSGVO Madde 16&#8217;ya g\u00f6re d\u00fczeltme hakk\u0131<br \/>\n&#8211; Maddeye g\u00f6re silme hakk\u0131. 17 DSGVO (\u00a7 35 BDSG&#8217;ye g\u00f6re k\u0131s\u0131tlamalar m\u00fcmk\u00fcnd\u00fcr)<br \/>\n&#8211; Madde 18 DSGVO&#8217;ya g\u00f6re i\u015flemenin k\u0131s\u0131tlanmas\u0131 hakk\u0131<br \/>\n&#8211; Madde 21 DSGVO&#8217;ya g\u00f6re itiraz hakk\u0131<br \/>\n&#8211; Madde 7 paragraf 3 DSGVO&#8217;ya g\u00f6re r\u0131zan\u0131n iptali<br \/>\n&#8211; Madde 20 DSGVO&#8217;ya g\u00f6re veri ta\u015f\u0131nabilirli\u011fi hakk\u0131<br \/>\n&#8211; Madde 19 BDSG ile ba\u011flant\u0131l\u0131 olarak Madde 77 DSGVO&#8217;ya g\u00f6re bir denetim makam\u0131na \u015fikayette bulunma hakk\u0131<\/p>\n<p>Bizden sorumlu denetim makam\u0131 Veri Koruma \u015eikayetleri B\u00fcrosudur:<\/p>\n<p>Kuzey Ren-Vestfalya Eyaleti Veri Koruma ve Bilgi Edinme \u00d6zg\u00fcrl\u00fc\u011f\u00fc Komiseri Postfach 20 04 44, 40102 D\u00fcsseldorf, Almanya<\/p>\n<h5>8. NASIL I\u0307TI\u0307RAZ EDEBI\u0307LI\u0307R VEYA I\u0307PTAL EDEBI\u0307LI\u0307RI\u0307M?<\/h5>\n<p>Ki\u015fisel verileri i\u015flememiz i\u00e7in bize onay verdiyseniz, beyan\u0131n\u0131z\u0131 gelecekte ge\u00e7erli olmak \u00fczere istedi\u011finiz zaman iptal etme hakk\u0131na sahipsiniz.<\/p>\n<p>&#8220;Me\u015fru menfaat&#8221; yasal temeline dayand\u0131rd\u0131\u011f\u0131m\u0131z bu t\u00fcr veri i\u015flemeye itiraz edebilirsiniz (Madde 6 paragraf 1 lit. f DSGVO).<\/p>\n<p><strong>Ayr\u0131ca ki\u015fisel verilerin do\u011frudan pazarlama amac\u0131yla i\u015flenmesine itiraz etme hakk\u0131na da sahipsiniz (Madde 21 (2) DSGVO). \u0130tiraz\u0131n\u0131z\u0131 yapt\u0131ktan sonra, verileriniz art\u0131k &#8220;do\u011frudan pazarlama amac\u0131yla&#8221; i\u015flenmeyecektir (Madde 21 (3) DSGVO).<\/strong><\/p>\n<p>Bunu yapmak i\u00e7in, iptal \/ itiraz\u0131n\u0131z\u0131 e-posta veya posta yoluyla ba\u015flang\u0131\u00e7ta verilen DigiDuck GmbH ileti\u015fim bilgilerine g\u00f6nderin<\/p>\n<h5>9. BEYANNAMENIN DURUMU<\/h5>\n<p>Bu veri koruma beyan\u0131 \u015fu anda ge\u00e7erlidir ve Ocak 2022 stat\u00fcs\u00fcne sahiptir.<\/p>\n<p>Portal\u0131n daha da geli\u015ftirilmesi veya de\u011fi\u015fen yasal veya resmi gereklilikler nedeniyle, bu veri koruma beyan\u0131n\u0131n de\u011fi\u015ftirilmesi gerekli olabilir.<\/p>\n","protected":false},"excerpt":{"rendered":"<p>VERI\u0307 KORUMA BEYANI DigiDuck GmbH, e-\u00f6\u011frenme portal\u0131 (bundan b\u00f6yle &#8220;portal&#8221; olarak an\u0131lacakt\u0131r) kapsam\u0131nda ki\u015fisel verileri toplar. Federal Veri Koruma Yasas\u0131, Telemedya Yasas\u0131 ve Temel Veri Koruma Y\u00f6netmeli\u011fi d\u00fczenlemelerine s\u0131k\u0131 bir \u015fekilde uyulmas\u0131, bir kullan\u0131c\u0131 olarak sizinle olan g\u00fcvene dayal\u0131 ili\u015fkimizin temelini olu\u015fturur. Portal\u0131m\u0131z harici web sitelerine ba\u011flant\u0131lar da i\u00e7erebilir. Ancak, bu harici editoryal tekliflerin i\u00e7eri\u011fi [&hellip;]<\/p>\n","protected":false},"author":4,"featured_media":0,"parent":0,"menu_order":0,"comment_status":"closed","ping_status":"closed","template":"","meta":{"_acf_changed":false,"footnotes":""},"class_list":["post-36","page","type-page","status-publish","hentry"],"acf":[],"yoast_head":"<!-- This site is optimized with the Yoast SEO plugin v27.1.1 - https:\/\/yoast.com\/product\/yoast-seo-wordpress\/ -->\n<title>Veri koruma<\/title>\n<meta name=\"description\" content=\"VERI\u0307 KORUMA BEYANI DigiDuck GmbH, e-\u00f6\u011frenme portal\u0131 (bundan b\u00f6yle &quot;portal&quot; olarak an\u0131lacakt\u0131r) kapsam\u0131nda ki\u015fisel verileri toplar. Federal Veri Koruma Yasas\u0131, Telemedya Yasas\u0131 ve Temel Veri Koruma Y\u00f6netmeli\u011fi d\u00fczenlemelerine s\u0131k\u0131 bir \u015fekilde uyulmas\u0131, bir kullan\u0131c\u0131 olarak sizinle olan g\u00fcvene dayal\u0131 ili\u015fkimizin temelini olu\u015fturur. Portal\u0131m\u0131z harici web sitelerine ba\u011flant\u0131lar da i\u00e7erebilir. Ancak, bu harici editoryal tekliflerin i\u00e7eri\u011fi&hellip;\" \/>\n<meta name=\"robots\" content=\"index, follow, max-snippet:-1, max-image-preview:large, max-video-preview:-1\" \/>\n<link rel=\"canonical\" href=\"http:\/\/VERI\u0307%20KORUMA%20BEYANI%20DigiDuck%20GmbH,%20e-\u00f6\u011frenme%20portal\u0131%20(bundan%20b\u00f6yle%20portal%20olarak%20an\u0131lacakt\u0131r)%20kapsam\u0131nda%20ki\u015fisel%20verileri%20toplar.%20Federal%20Veri%20Koruma%20Yasas\u0131,%20Telemedya%20Yasas\u0131%20ve%20Temel%20Veri%20Koruma%20Y\u00f6netmeli\u011fi%20d\u00fczenlemelerine%20s\u0131k\u0131%20bir%20\u015fekilde%20uyulmas\u0131,%20bir%20kullan\u0131c\u0131%20olarak%20sizinle%20olan%20g\u00fcvene%20dayal\u0131%20ili\u015fkimizin%20temelini%20olu\u015fturur.%20Portal\u0131m\u0131z%20harici%20web%20sitelerine%20ba\u011flant\u0131lar%20da%20i\u00e7erebilir.%20Ancak,%20bu%20harici%20editoryal%20tekliflerin%20i\u00e7eri\u011fi&hellip;\" \/>\n<meta property=\"og:locale\" content=\"tr_TR\" \/>\n<meta property=\"og:type\" content=\"article\" \/>\n<meta property=\"og:title\" content=\"Veri koruma\" \/>\n<meta property=\"og:description\" content=\"VERI\u0307 KORUMA BEYANI DigiDuck GmbH, e-\u00f6\u011frenme portal\u0131 (bundan b\u00f6yle &quot;portal&quot; olarak an\u0131lacakt\u0131r) kapsam\u0131nda ki\u015fisel verileri toplar. Federal Veri Koruma Yasas\u0131, Telemedya Yasas\u0131 ve Temel Veri Koruma Y\u00f6netmeli\u011fi d\u00fczenlemelerine s\u0131k\u0131 bir \u015fekilde uyulmas\u0131, bir kullan\u0131c\u0131 olarak sizinle olan g\u00fcvene dayal\u0131 ili\u015fkimizin temelini olu\u015fturur. Portal\u0131m\u0131z harici web sitelerine ba\u011flant\u0131lar da i\u00e7erebilir. Ancak, bu harici editoryal tekliflerin i\u00e7eri\u011fi&hellip;\" \/>\n<meta property=\"og:url\" content=\"https:\/\/www.digi-duck.com\/tr\/veri-koruma\/\" \/>\n<meta property=\"og:site_name\" content=\"DigiDuck\" \/>\n<meta property=\"article:publisher\" content=\"https:\/\/www.facebook.com\/profile.php?id=61558494354505\" \/>\n<meta property=\"article:modified_time\" content=\"2023-02-02T12:32:51+00:00\" \/>\n<meta name=\"twitter:card\" content=\"summary_large_image\" \/>\n<meta name=\"twitter:label1\" content=\"Tahmini okuma s\u00fcresi\" \/>\n\t<meta name=\"twitter:data1\" content=\"14 dakika\" \/>\n<script type=\"application\/ld+json\" class=\"yoast-schema-graph\">{\"@context\":\"https:\/\/schema.org\",\"@graph\":[{\"@type\":\"WebPage\",\"@id\":\"https:\/\/www.digi-duck.com\/tr\/veri-koruma\/\",\"url\":\"https:\/\/www.digi-duck.com\/tr\/veri-koruma\/\",\"name\":\"Datenschutz - DigiDuck\",\"isPartOf\":{\"@id\":\"https:\/\/www.digi-duck.com\/#website\"},\"datePublished\":\"2022-07-22T07:23:35+00:00\",\"dateModified\":\"2023-02-02T12:32:51+00:00\",\"breadcrumb\":{\"@id\":\"https:\/\/www.digi-duck.com\/tr\/veri-koruma\/#breadcrumb\"},\"inLanguage\":\"tr\",\"potentialAction\":[{\"@type\":\"ReadAction\",\"target\":[\"https:\/\/www.digi-duck.com\/tr\/veri-koruma\/\"]}]},{\"@type\":\"BreadcrumbList\",\"@id\":\"https:\/\/www.digi-duck.com\/tr\/veri-koruma\/#breadcrumb\",\"itemListElement\":[{\"@type\":\"ListItem\",\"position\":1,\"name\":\"Anasayfa\",\"item\":\"https:\/\/www.digi-duck.com\/\"},{\"@type\":\"ListItem\",\"position\":2,\"name\":\"Veri koruma\"}]},{\"@type\":\"WebSite\",\"@id\":\"https:\/\/www.digi-duck.com\/tr\/#website\",\"url\":\"https:\/\/www.digi-duck.com\/tr\/\",\"name\":\"DigiDuck\",\"description\":\"Ihr digitaler Qualifikationspartner\",\"publisher\":{\"@id\":\"https:\/\/www.digi-duck.com\/tr\/#organization\"},\"potentialAction\":[{\"@type\":\"SearchAction\",\"target\":{\"@type\":\"EntryPoint\",\"urlTemplate\":\"https:\/\/www.digi-duck.com\/tr\/?s={search_term_string}\"},\"query-input\":{\"@type\":\"PropertyValueSpecification\",\"valueRequired\":true,\"valueName\":\"search_term_string\"}}],\"inLanguage\":\"tr\"},{\"@type\":\"Organization\",\"@id\":\"https:\/\/www.digi-duck.com\/tr\/#organization\",\"name\":\"DigiDuck GmbH\",\"url\":\"https:\/\/www.digi-duck.com\/tr\/\",\"logo\":{\"@type\":\"ImageObject\",\"inLanguage\":\"tr\",\"@id\":\"https:\/\/www.digi-duck.com\/tr\/#\/schema\/logo\/image\/\",\"url\":\"https:\/\/www.digi-duck.com\/wp-content\/uploads\/2024\/08\/DigiDuck_Logo_App_Colored.png\",\"contentUrl\":\"https:\/\/www.digi-duck.com\/wp-content\/uploads\/2024\/08\/DigiDuck_Logo_App_Colored.png\",\"width\":2000,\"height\":2000,\"caption\":\"DigiDuck GmbH\"},\"image\":{\"@id\":\"https:\/\/www.digi-duck.com\/tr\/#\/schema\/logo\/image\/\"},\"sameAs\":[\"https:\/\/www.facebook.com\/profile.php?id=61558494354505\",\"https:\/\/www.linkedin.com\/company\/digiduck-gmbh\",\"https:\/\/www.xing.com\/pages\/digiduck-gmbh\"]}]}<\/script>\n<!-- \/ Yoast SEO plugin. -->","yoast_head_json":{"title":"Veri koruma","description":"VERI\u0307 KORUMA BEYANI DigiDuck GmbH, e-\u00f6\u011frenme portal\u0131 (bundan b\u00f6yle \"portal\" olarak an\u0131lacakt\u0131r) kapsam\u0131nda ki\u015fisel verileri toplar. Federal Veri Koruma Yasas\u0131, Telemedya Yasas\u0131 ve Temel Veri Koruma Y\u00f6netmeli\u011fi d\u00fczenlemelerine s\u0131k\u0131 bir \u015fekilde uyulmas\u0131, bir kullan\u0131c\u0131 olarak sizinle olan g\u00fcvene dayal\u0131 ili\u015fkimizin temelini olu\u015fturur. Portal\u0131m\u0131z harici web sitelerine ba\u011flant\u0131lar da i\u00e7erebilir. Ancak, bu harici editoryal tekliflerin i\u00e7eri\u011fi&hellip;","robots":{"index":"index","follow":"follow","max-snippet":"max-snippet:-1","max-image-preview":"max-image-preview:large","max-video-preview":"max-video-preview:-1"},"canonical":"VERI\u0307 KORUMA BEYANI DigiDuck GmbH, e-\u00f6\u011frenme portal\u0131 (bundan b\u00f6yle \"portal\" olarak an\u0131lacakt\u0131r) kapsam\u0131nda ki\u015fisel verileri toplar. Federal Veri Koruma Yasas\u0131, Telemedya Yasas\u0131 ve Temel Veri Koruma Y\u00f6netmeli\u011fi d\u00fczenlemelerine s\u0131k\u0131 bir \u015fekilde uyulmas\u0131, bir kullan\u0131c\u0131 olarak sizinle olan g\u00fcvene dayal\u0131 ili\u015fkimizin temelini olu\u015fturur. Portal\u0131m\u0131z harici web sitelerine ba\u011flant\u0131lar da i\u00e7erebilir. Ancak, bu harici editoryal tekliflerin i\u00e7eri\u011fi&hellip;","og_locale":"tr_TR","og_type":"article","og_title":"Veri koruma","og_description":"VERI\u0307 KORUMA BEYANI DigiDuck GmbH, e-\u00f6\u011frenme portal\u0131 (bundan b\u00f6yle \"portal\" olarak an\u0131lacakt\u0131r) kapsam\u0131nda ki\u015fisel verileri toplar. Federal Veri Koruma Yasas\u0131, Telemedya Yasas\u0131 ve Temel Veri Koruma Y\u00f6netmeli\u011fi d\u00fczenlemelerine s\u0131k\u0131 bir \u015fekilde uyulmas\u0131, bir kullan\u0131c\u0131 olarak sizinle olan g\u00fcvene dayal\u0131 ili\u015fkimizin temelini olu\u015fturur. Portal\u0131m\u0131z harici web sitelerine ba\u011flant\u0131lar da i\u00e7erebilir. Ancak, bu harici editoryal tekliflerin i\u00e7eri\u011fi&hellip;","og_url":"https:\/\/www.digi-duck.com\/tr\/veri-koruma\/","og_site_name":"DigiDuck","article_publisher":"https:\/\/www.facebook.com\/profile.php?id=61558494354505","article_modified_time":"2023-02-02T12:32:51+00:00","twitter_card":"summary_large_image","twitter_misc":{"Tahmini okuma s\u00fcresi":"14 dakika"},"schema":{"@context":"https:\/\/schema.org","@graph":[{"@type":"WebPage","@id":"https:\/\/www.digi-duck.com\/tr\/veri-koruma\/","url":"https:\/\/www.digi-duck.com\/tr\/veri-koruma\/","name":"Datenschutz - DigiDuck","isPartOf":{"@id":"https:\/\/www.digi-duck.com\/#website"},"datePublished":"2022-07-22T07:23:35+00:00","dateModified":"2023-02-02T12:32:51+00:00","breadcrumb":{"@id":"https:\/\/www.digi-duck.com\/tr\/veri-koruma\/#breadcrumb"},"inLanguage":"tr","potentialAction":[{"@type":"ReadAction","target":["https:\/\/www.digi-duck.com\/tr\/veri-koruma\/"]}]},{"@type":"BreadcrumbList","@id":"https:\/\/www.digi-duck.com\/tr\/veri-koruma\/#breadcrumb","itemListElement":[{"@type":"ListItem","position":1,"name":"Anasayfa","item":"https:\/\/www.digi-duck.com\/"},{"@type":"ListItem","position":2,"name":"Veri koruma"}]},{"@type":"WebSite","@id":"https:\/\/www.digi-duck.com\/tr\/#website","url":"https:\/\/www.digi-duck.com\/tr\/","name":"DigiDuck","description":"Ihr digitaler Qualifikationspartner","publisher":{"@id":"https:\/\/www.digi-duck.com\/tr\/#organization"},"potentialAction":[{"@type":"SearchAction","target":{"@type":"EntryPoint","urlTemplate":"https:\/\/www.digi-duck.com\/tr\/?s={search_term_string}"},"query-input":{"@type":"PropertyValueSpecification","valueRequired":true,"valueName":"search_term_string"}}],"inLanguage":"tr"},{"@type":"Organization","@id":"https:\/\/www.digi-duck.com\/tr\/#organization","name":"DigiDuck GmbH","url":"https:\/\/www.digi-duck.com\/tr\/","logo":{"@type":"ImageObject","inLanguage":"tr","@id":"https:\/\/www.digi-duck.com\/tr\/#\/schema\/logo\/image\/","url":"https:\/\/www.digi-duck.com\/wp-content\/uploads\/2024\/08\/DigiDuck_Logo_App_Colored.png","contentUrl":"https:\/\/www.digi-duck.com\/wp-content\/uploads\/2024\/08\/DigiDuck_Logo_App_Colored.png","width":2000,"height":2000,"caption":"DigiDuck GmbH"},"image":{"@id":"https:\/\/www.digi-duck.com\/tr\/#\/schema\/logo\/image\/"},"sameAs":["https:\/\/www.facebook.com\/profile.php?id=61558494354505","https:\/\/www.linkedin.com\/company\/digiduck-gmbh","https:\/\/www.xing.com\/pages\/digiduck-gmbh"]}]}},"post_mailing_queue_ids":[],"_links":{"self":[{"href":"https:\/\/www.digi-duck.com\/tr\/wp-json\/wp\/v2\/pages\/36","targetHints":{"allow":["GET"]}}],"collection":[{"href":"https:\/\/www.digi-duck.com\/tr\/wp-json\/wp\/v2\/pages"}],"about":[{"href":"https:\/\/www.digi-duck.com\/tr\/wp-json\/wp\/v2\/types\/page"}],"author":[{"embeddable":true,"href":"https:\/\/www.digi-duck.com\/tr\/wp-json\/wp\/v2\/users\/4"}],"replies":[{"embeddable":true,"href":"https:\/\/www.digi-duck.com\/tr\/wp-json\/wp\/v2\/comments?post=36"}],"version-history":[{"count":4,"href":"https:\/\/www.digi-duck.com\/tr\/wp-json\/wp\/v2\/pages\/36\/revisions"}],"predecessor-version":[{"id":686,"href":"https:\/\/www.digi-duck.com\/tr\/wp-json\/wp\/v2\/pages\/36\/revisions\/686"}],"wp:attachment":[{"href":"https:\/\/www.digi-duck.com\/tr\/wp-json\/wp\/v2\/media?parent=36"}],"curies":[{"name":"wp","href":"https:\/\/api.w.org\/{rel}","templated":true}]}}